{"id":6,"date":"2023-05-03T11:12:33","date_gmt":"2023-05-03T09:12:33","guid":{"rendered":"https:\/\/www.carmel.sk\/kaviaren\/?page_id=6"},"modified":"2023-05-04T09:05:31","modified_gmt":"2023-05-04T07:05:31","slug":"uvodna-stranka","status":"publish","type":"page","link":"https:\/\/www.carmel.sk\/kaviaren\/","title":{"rendered":"Vitajte u n\u00e1s"},"content":{"rendered":"\n<p>Projekt Carmel Caf\u00e9 sa zrodil v na\u0161ich srdciach u\u017e d\u00e1vno. Spad\u00e1 pod neziskov\u00fa organiz\u00e1ciu Carmel centrum. <\/p>\n\n\n\n<p>Na\u0161ou t\u00fa\u017ebou bolo vytvori\u0165 prepojen\u00fd<strong> koncept komunitnej kaviarne v Se\u010dovciach<\/strong>. Takto sme tu pre v\u00e1s u\u017e od roku 2014. Priestor <strong>sp\u00e1ja r\u00f4zne vekov\u00e9 kateg\u00f3rie a pon\u00faka \u0161irok\u00fa \u0161k\u00e1lu akci\u00ed. <\/strong><\/p>\n\n\n\n<p>U n\u00e1s m\u00f4\u017eete c\u00edti\u0165, \u017ee <strong>m\u00e1me radi knihy, umenie &#8222;v\u0161ehodruhu&#8220;<\/strong>, ktor\u00e9 v\u00e1m pod\u00e1vame prostredn\u00edctvom <strong>v\u00fdstav, koncertov, vyst\u00fapen\u00ed, premietan\u00ed, divadielok, hier a workshopov<\/strong>. <\/p>\n\n\n\n<p>Radi sa zap\u00e1jame do r\u00f4znych verejnoprospe\u0161n\u00fdch aktiv\u00edt v na\u0161om meste a okol\u00ed, ktor\u00e9 pom\u00e1haj\u00fa v soci\u00e1lnej oblasti a tie\u017e ekol\u00f3gi\u00ed. <\/p>\n\n\n\n<hr class=\"wp-block-separator has-alpha-channel-opacity is-style-wide\"\/>\n\n\n\n<p>To v\u0161etko u n\u00e1s m\u00f4\u017eete skuto\u010dne <strong>c\u00edti\u0165 a vychutn\u00e1va\u0165<\/strong>. Priestor, ktor\u00fd v\u00e1m pon\u00fakame, spolu s vami rokmi pretv\u00e1rame tak, aby <strong>ste sa tu c\u00edtili pr\u00edjemne, skoro ako doma.<\/strong> <\/p>\n\n\n\n<p>Tak ako vy, aj <strong>my milujeme na\u0161e Slovensko a sna\u017e\u00edme sa podporova\u0165 lok\u00e1lnych v\u00fdrobcov.<\/strong> T\u00ed maj\u00fa u n\u00e1s priestor, kde m\u00f4\u017eu pred\u00e1va\u0165 svoje v\u00fdrobky. M\u00f4\u017eete si tak nak\u00fapi\u0165 kr\u00e1sne dar\u010deky pre priate\u013eov i rodinu alebo pote\u0161i\u0165 seba. <\/p>\n\n\n\n<hr class=\"wp-block-separator has-alpha-channel-opacity is-style-wide\"\/>\n\n\n\n<p><strong>Vychutnajte si \u0161\u00e1lku k\u00e1vy, \u010daju, ochutnajte skvel\u00fa \u010dokol\u00e1du alebo si zak\u00fapte slovensk\u00fd mak na svoje kol\u00e1\u010de. Pote\u0161\u00edte isto aj slovensk\u00fdm medom<\/strong>, domov si m\u00f4\u017eete odnies\u0165 aj \u010daj alebo k\u00e1vu z na\u0161ej ponuky. <\/p>\n\n\n\n<p><\/p>\n\n\n\n<p>Ponuku sez\u00f3nne dop\u013a\u0148ame o <strong>zauj\u00edmav\u00e9 n\u00e1pojov\u00e9 novinky &#8211; ako ovocn\u00e9 limon\u00e1dy alebo hor\u00face k\u00e1vov\u00e9 \u010di \u010dokol\u00e1dov\u00e9 \u0161peciality.&nbsp;&nbsp;<\/strong><\/p>\n\n\n\n<div class=\"wp-block-columns is-layout-flex wp-container-core-columns-is-layout-9d6595d7 wp-block-columns-is-layout-flex\">\n<div class=\"wp-block-column is-layout-flow wp-block-column-is-layout-flow\">\n<figure class=\"wp-block-image size-large\"><img loading=\"lazy\" decoding=\"async\" width=\"900\" height=\"1024\" src=\"https:\/\/www.carmel.sk\/kaviaren\/wp-content\/uploads\/2023\/05\/med-900x1024.jpg\" alt=\"\" class=\"wp-image-93\" srcset=\"https:\/\/www.carmel.sk\/kaviaren\/wp-content\/uploads\/2023\/05\/med-900x1024.jpg 900w, https:\/\/www.carmel.sk\/kaviaren\/wp-content\/uploads\/2023\/05\/med-264x300.jpg 264w, https:\/\/www.carmel.sk\/kaviaren\/wp-content\/uploads\/2023\/05\/med-768x874.jpg 768w, https:\/\/www.carmel.sk\/kaviaren\/wp-content\/uploads\/2023\/05\/med-53x60.jpg 53w, https:\/\/www.carmel.sk\/kaviaren\/wp-content\/uploads\/2023\/05\/med.jpg 1217w\" sizes=\"auto, (max-width: 900px) 100vw, 900px\" \/><\/figure>\n<\/div>\n\n\n\n<div class=\"wp-block-column is-layout-flow wp-block-column-is-layout-flow\">\n<figure class=\"wp-block-image size-large\"><img loading=\"lazy\" decoding=\"async\" width=\"900\" height=\"1024\" src=\"https:\/\/www.carmel.sk\/kaviaren\/wp-content\/uploads\/2023\/05\/pohare-900x1024.jpg\" alt=\"\" class=\"wp-image-94\" srcset=\"https:\/\/www.carmel.sk\/kaviaren\/wp-content\/uploads\/2023\/05\/pohare-900x1024.jpg 900w, https:\/\/www.carmel.sk\/kaviaren\/wp-content\/uploads\/2023\/05\/pohare-264x300.jpg 264w, https:\/\/www.carmel.sk\/kaviaren\/wp-content\/uploads\/2023\/05\/pohare-768x874.jpg 768w, https:\/\/www.carmel.sk\/kaviaren\/wp-content\/uploads\/2023\/05\/pohare-53x60.jpg 53w, https:\/\/www.carmel.sk\/kaviaren\/wp-content\/uploads\/2023\/05\/pohare.jpg 1217w\" sizes=\"auto, (max-width: 900px) 100vw, 900px\" \/><\/figure>\n<\/div>\n\n\n\n<div class=\"wp-block-column is-layout-flow wp-block-column-is-layout-flow\">\n<figure class=\"wp-block-image size-large\"><img loading=\"lazy\" decoding=\"async\" width=\"900\" height=\"1024\" src=\"https:\/\/www.carmel.sk\/kaviaren\/wp-content\/uploads\/2023\/05\/kava-900x1024.jpg\" alt=\"\" class=\"wp-image-97\" srcset=\"https:\/\/www.carmel.sk\/kaviaren\/wp-content\/uploads\/2023\/05\/kava-900x1024.jpg 900w, https:\/\/www.carmel.sk\/kaviaren\/wp-content\/uploads\/2023\/05\/kava-264x300.jpg 264w, https:\/\/www.carmel.sk\/kaviaren\/wp-content\/uploads\/2023\/05\/kava-768x874.jpg 768w, https:\/\/www.carmel.sk\/kaviaren\/wp-content\/uploads\/2023\/05\/kava-53x60.jpg 53w, https:\/\/www.carmel.sk\/kaviaren\/wp-content\/uploads\/2023\/05\/kava.jpg 1217w\" sizes=\"auto, (max-width: 900px) 100vw, 900px\" \/><\/figure>\n<\/div>\n<\/div>\n\n\n\n<hr class=\"wp-block-separator has-alpha-channel-opacity is-style-wide\"\/>\n\n\n\n<p>Pr\u00ed\u010fte si k n\u00e1m odd\u00fdchnu\u0165 <strong>v \u010dase od stredy do nedele od 14.00 do 20.00 hod.<\/strong> Sme tu pre v\u00e1s celoro\u010dne. Priestor pon\u00faka miesto pre <strong>25 os\u00f4b a kni\u017en\u00fd sal\u00f3nik pre 6<\/strong>. <br>V mesiacoch m\u00e1j a\u017e september otv\u00e1rame na\u0161u <strong>terasu so z\u00e1hradou<\/strong>. Usa\u010fte sa do tie\u0148a ko\u0161at\u00e9ho orecha a vychutnajte si v\u00f4\u0148u kvet\u00edn v na\u0161ich z\u00e1honoch. <strong>Na terasu sa vojde pribli\u017ene 20 \u013eud\u00ed.<\/strong> Dreven\u00fd alt\u00e1nok v\u00e1m pon\u00fakne s\u00fakromie a <strong>detsk\u00e9 ihrisko zabav\u00ed va\u0161e deti.<\/strong> <\/p>\n\n\n\n<hr class=\"wp-block-separator has-alpha-channel-opacity is-style-wide\"\/>\n\n\n\n<p>Te\u0161\u00edme sa na v\u00e1s a ver\u00edme, \u017ee si to u n\u00e1s vychutn\u00e1te&#8230;<\/p>\n\n\n\n<figure class=\"wp-block-image size-large\"><img loading=\"lazy\" decoding=\"async\" width=\"1024\" height=\"90\" src=\"https:\/\/www.carmel.sk\/kaviaren\/wp-content\/uploads\/2023\/05\/predel_kava-1024x90.png\" alt=\"\" class=\"wp-image-99\" srcset=\"https:\/\/www.carmel.sk\/kaviaren\/wp-content\/uploads\/2023\/05\/predel_kava-1024x90.png 1024w, https:\/\/www.carmel.sk\/kaviaren\/wp-content\/uploads\/2023\/05\/predel_kava-300x26.png 300w, https:\/\/www.carmel.sk\/kaviaren\/wp-content\/uploads\/2023\/05\/predel_kava-768x67.png 768w, https:\/\/www.carmel.sk\/kaviaren\/wp-content\/uploads\/2023\/05\/predel_kava-1536x135.png 1536w, https:\/\/www.carmel.sk\/kaviaren\/wp-content\/uploads\/2023\/05\/predel_kava-2048x179.png 2048w, https:\/\/www.carmel.sk\/kaviaren\/wp-content\/uploads\/2023\/05\/predel_kava-600x53.png 600w\" sizes=\"auto, (max-width: 1024px) 100vw, 1024px\" \/><\/figure>\n","protected":false},"excerpt":{"rendered":"<p>Projekt Carmel Caf\u00e9 sa zrodil v na\u0161ich srdciach u\u017e d\u00e1vno. Spad\u00e1 pod neziskov\u00fa organiz\u00e1ciu Carmel centrum. Na\u0161ou t\u00fa\u017ebou bolo vytvori\u0165 prepojen\u00fd koncept komunitnej kaviarne v Se\u010dovciach. Takto sme tu pre v\u00e1s u\u017e od roku 2014. Priestor sp\u00e1ja r\u00f4zne vekov\u00e9 kateg\u00f3rie a pon\u00faka \u0161irok\u00fa \u0161k\u00e1lu akci\u00ed. U n\u00e1s m\u00f4\u017eete c\u00edti\u0165, \u017ee m\u00e1me radi knihy, umenie &#8222;v\u0161ehodruhu&#8220;, &hellip; <\/p>\n","protected":false},"author":1,"featured_media":0,"parent":0,"menu_order":0,"comment_status":"closed","ping_status":"closed","template":"","meta":{"_monsterinsights_skip_tracking":false,"_monsterinsights_sitenote_active":false,"_monsterinsights_sitenote_note":"","_monsterinsights_sitenote_category":0,"footnotes":""},"class_list":["post-6","page","type-page","status-publish","hentry"],"yoast_head":"<!-- This site is optimized with the Yoast SEO plugin v27.3 - https:\/\/yoast.com\/product\/yoast-seo-wordpress\/ -->\n<title>Vitajte u n\u00e1s - kaviare\u0148<\/title>\n<meta name=\"robots\" content=\"index, follow, max-snippet:-1, max-image-preview:large, max-video-preview:-1\" \/>\n<link rel=\"canonical\" href=\"https:\/\/www.carmel.sk\/kaviaren\/\" \/>\n<meta property=\"og:locale\" content=\"sk_SK\" \/>\n<meta property=\"og:type\" content=\"article\" \/>\n<meta property=\"og:title\" content=\"Vitajte u n\u00e1s - kaviare\u0148\" \/>\n<meta property=\"og:description\" content=\"Projekt Carmel Caf\u00e9 sa zrodil v na\u0161ich srdciach u\u017e d\u00e1vno. Spad\u00e1 pod neziskov\u00fa organiz\u00e1ciu Carmel centrum. Na\u0161ou t\u00fa\u017ebou bolo vytvori\u0165 prepojen\u00fd koncept komunitnej kaviarne v Se\u010dovciach. Takto sme tu pre v\u00e1s u\u017e od roku 2014. Priestor sp\u00e1ja r\u00f4zne vekov\u00e9 kateg\u00f3rie a pon\u00faka \u0161irok\u00fa \u0161k\u00e1lu akci\u00ed. U n\u00e1s m\u00f4\u017eete c\u00edti\u0165, \u017ee m\u00e1me radi knihy, umenie &#8222;v\u0161ehodruhu&#8220;, &hellip;\" \/>\n<meta property=\"og:url\" content=\"https:\/\/www.carmel.sk\/kaviaren\/\" \/>\n<meta property=\"og:site_name\" content=\"kaviare\u0148\" \/>\n<meta property=\"article:modified_time\" content=\"2023-05-04T07:05:31+00:00\" \/>\n<meta property=\"og:image\" content=\"https:\/\/www.carmel.sk\/kaviaren\/wp-content\/uploads\/2023\/05\/med-900x1024.jpg\" \/>\n<meta name=\"twitter:card\" content=\"summary_large_image\" \/>\n<meta name=\"twitter:label1\" content=\"Predpokladan\u00fd \u010das \u010d\u00edtania\" \/>\n\t<meta name=\"twitter:data1\" content=\"3 min\u00faty\" \/>\n<script type=\"application\/ld+json\" class=\"yoast-schema-graph\">{\"@context\":\"https:\\\/\\\/schema.org\",\"@graph\":[{\"@type\":\"WebPage\",\"@id\":\"https:\\\/\\\/www.carmel.sk\\\/kaviaren\\\/\",\"url\":\"https:\\\/\\\/www.carmel.sk\\\/kaviaren\\\/\",\"name\":\"Vitajte u n\u00e1s - kaviare\u0148\",\"isPartOf\":{\"@id\":\"https:\\\/\\\/www.carmel.sk\\\/kaviaren\\\/#website\"},\"primaryImageOfPage\":{\"@id\":\"https:\\\/\\\/www.carmel.sk\\\/kaviaren\\\/#primaryimage\"},\"image\":{\"@id\":\"https:\\\/\\\/www.carmel.sk\\\/kaviaren\\\/#primaryimage\"},\"thumbnailUrl\":\"https:\\\/\\\/www.carmel.sk\\\/kaviaren\\\/wp-content\\\/uploads\\\/2023\\\/05\\\/med-900x1024.jpg\",\"datePublished\":\"2023-05-03T09:12:33+00:00\",\"dateModified\":\"2023-05-04T07:05:31+00:00\",\"breadcrumb\":{\"@id\":\"https:\\\/\\\/www.carmel.sk\\\/kaviaren\\\/#breadcrumb\"},\"inLanguage\":\"sk-SK\",\"potentialAction\":[{\"@type\":\"ReadAction\",\"target\":[\"https:\\\/\\\/www.carmel.sk\\\/kaviaren\\\/\"]}]},{\"@type\":\"ImageObject\",\"inLanguage\":\"sk-SK\",\"@id\":\"https:\\\/\\\/www.carmel.sk\\\/kaviaren\\\/#primaryimage\",\"url\":\"https:\\\/\\\/www.carmel.sk\\\/kaviaren\\\/wp-content\\\/uploads\\\/2023\\\/05\\\/med.jpg\",\"contentUrl\":\"https:\\\/\\\/www.carmel.sk\\\/kaviaren\\\/wp-content\\\/uploads\\\/2023\\\/05\\\/med.jpg\",\"width\":1217,\"height\":1385},{\"@type\":\"BreadcrumbList\",\"@id\":\"https:\\\/\\\/www.carmel.sk\\\/kaviaren\\\/#breadcrumb\",\"itemListElement\":[{\"@type\":\"ListItem\",\"position\":1,\"name\":\"Home\",\"item\":\"https:\\\/\\\/www.carmel.sk\\\/kaviaren\\\/\"},{\"@type\":\"ListItem\",\"position\":2,\"name\":\"Vitajte u n\u00e1s\"}]},{\"@type\":\"WebSite\",\"@id\":\"https:\\\/\\\/www.carmel.sk\\\/kaviaren\\\/#website\",\"url\":\"https:\\\/\\\/www.carmel.sk\\\/kaviaren\\\/\",\"name\":\"kaviare\u0148\",\"description\":\"\",\"publisher\":{\"@id\":\"https:\\\/\\\/www.carmel.sk\\\/kaviaren\\\/#organization\"},\"potentialAction\":[{\"@type\":\"SearchAction\",\"target\":{\"@type\":\"EntryPoint\",\"urlTemplate\":\"https:\\\/\\\/www.carmel.sk\\\/kaviaren\\\/?s={search_term_string}\"},\"query-input\":{\"@type\":\"PropertyValueSpecification\",\"valueRequired\":true,\"valueName\":\"search_term_string\"}}],\"inLanguage\":\"sk-SK\"},{\"@type\":\"Organization\",\"@id\":\"https:\\\/\\\/www.carmel.sk\\\/kaviaren\\\/#organization\",\"name\":\"kaviare\u0148\",\"url\":\"https:\\\/\\\/www.carmel.sk\\\/kaviaren\\\/\",\"logo\":{\"@type\":\"ImageObject\",\"inLanguage\":\"sk-SK\",\"@id\":\"https:\\\/\\\/www.carmel.sk\\\/kaviaren\\\/#\\\/schema\\\/logo\\\/image\\\/\",\"url\":\"https:\\\/\\\/www.carmel.sk\\\/kaviaren\\\/wp-content\\\/uploads\\\/2023\\\/05\\\/cropped-web_logo-1.png\",\"contentUrl\":\"https:\\\/\\\/www.carmel.sk\\\/kaviaren\\\/wp-content\\\/uploads\\\/2023\\\/05\\\/cropped-web_logo-1.png\",\"width\":1370,\"height\":236,\"caption\":\"kaviare\u0148\"},\"image\":{\"@id\":\"https:\\\/\\\/www.carmel.sk\\\/kaviaren\\\/#\\\/schema\\\/logo\\\/image\\\/\"}}]}<\/script>\n<!-- \/ Yoast SEO plugin. -->","yoast_head_json":{"title":"Vitajte u n\u00e1s - kaviare\u0148","robots":{"index":"index","follow":"follow","max-snippet":"max-snippet:-1","max-image-preview":"max-image-preview:large","max-video-preview":"max-video-preview:-1"},"canonical":"https:\/\/www.carmel.sk\/kaviaren\/","og_locale":"sk_SK","og_type":"article","og_title":"Vitajte u n\u00e1s - kaviare\u0148","og_description":"Projekt Carmel Caf\u00e9 sa zrodil v na\u0161ich srdciach u\u017e d\u00e1vno. Spad\u00e1 pod neziskov\u00fa organiz\u00e1ciu Carmel centrum. Na\u0161ou t\u00fa\u017ebou bolo vytvori\u0165 prepojen\u00fd koncept komunitnej kaviarne v Se\u010dovciach. Takto sme tu pre v\u00e1s u\u017e od roku 2014. Priestor sp\u00e1ja r\u00f4zne vekov\u00e9 kateg\u00f3rie a pon\u00faka \u0161irok\u00fa \u0161k\u00e1lu akci\u00ed. U n\u00e1s m\u00f4\u017eete c\u00edti\u0165, \u017ee m\u00e1me radi knihy, umenie &#8222;v\u0161ehodruhu&#8220;, &hellip;","og_url":"https:\/\/www.carmel.sk\/kaviaren\/","og_site_name":"kaviare\u0148","article_modified_time":"2023-05-04T07:05:31+00:00","og_image":[{"url":"https:\/\/www.carmel.sk\/kaviaren\/wp-content\/uploads\/2023\/05\/med-900x1024.jpg","type":"","width":"","height":""}],"twitter_card":"summary_large_image","twitter_misc":{"Predpokladan\u00fd \u010das \u010d\u00edtania":"3 min\u00faty"},"schema":{"@context":"https:\/\/schema.org","@graph":[{"@type":"WebPage","@id":"https:\/\/www.carmel.sk\/kaviaren\/","url":"https:\/\/www.carmel.sk\/kaviaren\/","name":"Vitajte u n\u00e1s - kaviare\u0148","isPartOf":{"@id":"https:\/\/www.carmel.sk\/kaviaren\/#website"},"primaryImageOfPage":{"@id":"https:\/\/www.carmel.sk\/kaviaren\/#primaryimage"},"image":{"@id":"https:\/\/www.carmel.sk\/kaviaren\/#primaryimage"},"thumbnailUrl":"https:\/\/www.carmel.sk\/kaviaren\/wp-content\/uploads\/2023\/05\/med-900x1024.jpg","datePublished":"2023-05-03T09:12:33+00:00","dateModified":"2023-05-04T07:05:31+00:00","breadcrumb":{"@id":"https:\/\/www.carmel.sk\/kaviaren\/#breadcrumb"},"inLanguage":"sk-SK","potentialAction":[{"@type":"ReadAction","target":["https:\/\/www.carmel.sk\/kaviaren\/"]}]},{"@type":"ImageObject","inLanguage":"sk-SK","@id":"https:\/\/www.carmel.sk\/kaviaren\/#primaryimage","url":"https:\/\/www.carmel.sk\/kaviaren\/wp-content\/uploads\/2023\/05\/med.jpg","contentUrl":"https:\/\/www.carmel.sk\/kaviaren\/wp-content\/uploads\/2023\/05\/med.jpg","width":1217,"height":1385},{"@type":"BreadcrumbList","@id":"https:\/\/www.carmel.sk\/kaviaren\/#breadcrumb","itemListElement":[{"@type":"ListItem","position":1,"name":"Home","item":"https:\/\/www.carmel.sk\/kaviaren\/"},{"@type":"ListItem","position":2,"name":"Vitajte u n\u00e1s"}]},{"@type":"WebSite","@id":"https:\/\/www.carmel.sk\/kaviaren\/#website","url":"https:\/\/www.carmel.sk\/kaviaren\/","name":"kaviare\u0148","description":"","publisher":{"@id":"https:\/\/www.carmel.sk\/kaviaren\/#organization"},"potentialAction":[{"@type":"SearchAction","target":{"@type":"EntryPoint","urlTemplate":"https:\/\/www.carmel.sk\/kaviaren\/?s={search_term_string}"},"query-input":{"@type":"PropertyValueSpecification","valueRequired":true,"valueName":"search_term_string"}}],"inLanguage":"sk-SK"},{"@type":"Organization","@id":"https:\/\/www.carmel.sk\/kaviaren\/#organization","name":"kaviare\u0148","url":"https:\/\/www.carmel.sk\/kaviaren\/","logo":{"@type":"ImageObject","inLanguage":"sk-SK","@id":"https:\/\/www.carmel.sk\/kaviaren\/#\/schema\/logo\/image\/","url":"https:\/\/www.carmel.sk\/kaviaren\/wp-content\/uploads\/2023\/05\/cropped-web_logo-1.png","contentUrl":"https:\/\/www.carmel.sk\/kaviaren\/wp-content\/uploads\/2023\/05\/cropped-web_logo-1.png","width":1370,"height":236,"caption":"kaviare\u0148"},"image":{"@id":"https:\/\/www.carmel.sk\/kaviaren\/#\/schema\/logo\/image\/"}}]}},"_links":{"self":[{"href":"https:\/\/www.carmel.sk\/kaviaren\/index.php\/wp-json\/wp\/v2\/pages\/6","targetHints":{"allow":["GET"]}}],"collection":[{"href":"https:\/\/www.carmel.sk\/kaviaren\/index.php\/wp-json\/wp\/v2\/pages"}],"about":[{"href":"https:\/\/www.carmel.sk\/kaviaren\/index.php\/wp-json\/wp\/v2\/types\/page"}],"author":[{"embeddable":true,"href":"https:\/\/www.carmel.sk\/kaviaren\/index.php\/wp-json\/wp\/v2\/users\/1"}],"replies":[{"embeddable":true,"href":"https:\/\/www.carmel.sk\/kaviaren\/index.php\/wp-json\/wp\/v2\/comments?post=6"}],"version-history":[{"count":7,"href":"https:\/\/www.carmel.sk\/kaviaren\/index.php\/wp-json\/wp\/v2\/pages\/6\/revisions"}],"predecessor-version":[{"id":241,"href":"https:\/\/www.carmel.sk\/kaviaren\/index.php\/wp-json\/wp\/v2\/pages\/6\/revisions\/241"}],"wp:attachment":[{"href":"https:\/\/www.carmel.sk\/kaviaren\/index.php\/wp-json\/wp\/v2\/media?parent=6"}],"curies":[{"name":"wp","href":"https:\/\/api.w.org\/{rel}","templated":true}]}}