{"id":46,"date":"2022-04-28T13:29:18","date_gmt":"2022-04-28T11:29:18","guid":{"rendered":"https:\/\/www.carmel.sk\/biblicketabory\/?page_id=46"},"modified":"2026-04-15T01:24:19","modified_gmt":"2026-04-14T23:24:19","slug":"registracia","status":"publish","type":"page","link":"https:\/\/www.carmel.sk\/biblicketabory\/index.php\/registracia\/","title":{"rendered":"Registr\u00e1cia na rok 2026 je spusten\u00e1!"},"content":{"rendered":"\n<p class=\"has-medium-font-size\">V pr\u00edpade z\u00e1ujmu o prihl\u00e1senie die\u0165a\u0165a na t\u00e1bor pros\u00edme vypl\u0148te registra\u010dn\u00fd formul\u00e1r.<\/p>\n\n\n\n<p class=\"has-vivid-red-color has-text-color has-medium-font-size\"><br><strong>! ! ! PRI REGISTR\u00c1CII UV\u00c1DZAJTE KONTAKTN\u00dd E-MAIL NA RODI\u010cA ALEBO ZODPOVEDN\u00da OSOBU ! ! !<\/strong><\/p>\n\n\n\n<figure class=\"wp-block-table\"><table><thead><tr><th class=\"has-text-align-center\" data-align=\"center\">TURNUS<\/th><th class=\"has-text-align-center\" data-align=\"center\">TERM\u00cdN<\/th><th class=\"has-text-align-center\" data-align=\"center\">CENA<\/th><th class=\"has-text-align-center\" data-align=\"center\">REGISTR\u00c1CIA<\/th><th class=\"has-text-align-center\" data-align=\"center\">VEKOV\u00c1 KATEG\u00d3RIA<\/th><\/tr><\/thead><tbody><tr><td class=\"has-text-align-center\" data-align=\"center\"><strong>Biblick\u00fd t\u00e1bor 12+ <\/strong><\/td><td class=\"has-text-align-center\" data-align=\"center\">26. 07. &#8211; 01. 08. 2026<\/td><td class=\"has-text-align-center\" data-align=\"center\">140* \u20ac\/150* \u20ac<\/td><td class=\"has-text-align-center\" data-align=\"center\"><a href=\"https:\/\/forms.gle\/kmwoSyMEPEMUaAt4A\" target=\"_blank\" rel=\"noreferrer noopener\">https:\/\/forms.gle\/kmwoSyMEPEMUaAt4A<\/a><\/td><td class=\"has-text-align-center\" data-align=\"center\">12+ <\/td><\/tr><tr><td class=\"has-text-align-center\" data-align=\"center\"><strong>Detsk\u00fd turnus<\/strong><\/td><td class=\"has-text-align-center\" data-align=\"center\">02. 08. &#8211; 07. 08. 2026<\/td><td class=\"has-text-align-center\" data-align=\"center\">140* \u20ac\/150* \u20ac<\/td><td class=\"has-text-align-center\" data-align=\"center\"><a href=\"https:\/\/forms.gle\/ynGM4UC3Yn2RJ9AB8\">https:\/\/forms.gle\/ynGM4UC3Yn2RJ9AB8<\/a><\/td><td class=\"has-text-align-center\" data-align=\"center\">7 &#8211; 11<\/td><\/tr><\/tbody><\/table><figcaption class=\"wp-element-caption\">140* \u20ac pri registr\u00e1cii a platbe do 14. m\u00e1ja 2026\/150* \u20ac pri registr\u00e1cii a platbe po 15. m\u00e1ji 2026<br>*pon\u00fakame r\u00f4zne z\u013eavy (s\u00farodeneck\u00e1 5 \u20ac\/vlastn\u00fd spac\u00e1k 5 \u20ac, viac inform\u00e1ci\u00ed v registra\u010dnom formul\u00e1ri)<\/figcaption><\/figure>\n\n\n\n<p><\/p>\n\n\n\n<p><strong>V cene t\u00e1bora<\/strong> je zahrnut\u00e9 ubytovanie, kompletn\u00e1 strava (5x denne), pom\u00f4cky.<\/p>\n\n\n\n<div class=\"wp-block-buttons is-layout-flex wp-block-buttons-is-layout-flex\">\n<div class=\"wp-block-button has-custom-width wp-block-button__width-100\"><a class=\"wp-block-button__link has-white-color has-vivid-cyan-blue-background-color has-text-color has-background has-medium-font-size has-custom-font-size wp-element-button\" href=\"https:\/\/drive.google.com\/file\/d\/1IoRZ1ewzFtSHQbsJEatV0ftJ4yyOe6zY\/view?usp=sharing\"><strong>INFORMA\u010cN\u00dd LIST 2026<\/strong><\/a><\/div>\n<\/div>\n\n\n\n<p class=\"has-black-color has-text-color\"><\/p>\n\n\n\n<p class=\"has-black-color has-text-color\"><\/p>\n","protected":false},"excerpt":{"rendered":"<p>V pr\u00edpade z\u00e1ujmu o prihl\u00e1senie die\u0165a\u0165a na t\u00e1bor pros\u00edme vypl\u0148te registra\u010dn\u00fd formul\u00e1r. ! ! ! PRI REGISTR\u00c1CII UV\u00c1DZAJTE KONTAKTN\u00dd E-MAIL NA RODI\u010cA ALEBO ZODPOVEDN\u00da OSOBU ! ! ! TURNUS TERM\u00cdN CENA REGISTR\u00c1CIA VEKOV\u00c1 KATEG\u00d3RIA Biblick\u00fd t\u00e1bor 12+ 26. 07. &#8211; 01. 08. 2026 140* \u20ac\/150* \u20ac https:\/\/forms.gle\/kmwoSyMEPEMUaAt4A 12+ Detsk\u00fd turnus 02. 08. &#8211; 07. 08. [&hellip;]<\/p>\n","protected":false},"author":1,"featured_media":0,"parent":0,"menu_order":0,"comment_status":"closed","ping_status":"closed","template":"","meta":{"_monsterinsights_skip_tracking":false,"_monsterinsights_sitenote_active":false,"_monsterinsights_sitenote_note":"","_monsterinsights_sitenote_category":0,"footnotes":""},"class_list":["post-46","page","type-page","status-publish","hentry"],"yoast_head":"<!-- This site is optimized with the Yoast SEO plugin v27.3 - https:\/\/yoast.com\/product\/yoast-seo-wordpress\/ -->\n<title>Registr\u00e1cia na rok 2026 je spusten\u00e1! - Biblick\u00e9 t\u00e1bory na Borde<\/title>\n<meta name=\"robots\" content=\"index, follow, max-snippet:-1, max-image-preview:large, max-video-preview:-1\" \/>\n<link rel=\"canonical\" href=\"https:\/\/www.carmel.sk\/biblicketabory\/index.php\/registracia\/\" \/>\n<meta property=\"og:locale\" content=\"sk_SK\" \/>\n<meta property=\"og:type\" content=\"article\" \/>\n<meta property=\"og:title\" content=\"Registr\u00e1cia na rok 2026 je spusten\u00e1! - Biblick\u00e9 t\u00e1bory na Borde\" \/>\n<meta property=\"og:description\" content=\"V pr\u00edpade z\u00e1ujmu o prihl\u00e1senie die\u0165a\u0165a na t\u00e1bor pros\u00edme vypl\u0148te registra\u010dn\u00fd formul\u00e1r. ! ! ! PRI REGISTR\u00c1CII UV\u00c1DZAJTE KONTAKTN\u00dd E-MAIL NA RODI\u010cA ALEBO ZODPOVEDN\u00da OSOBU ! ! ! TURNUS TERM\u00cdN CENA REGISTR\u00c1CIA VEKOV\u00c1 KATEG\u00d3RIA Biblick\u00fd t\u00e1bor 12+ 26. 07. &#8211; 01. 08. 2026 140* \u20ac\/150* \u20ac https:\/\/forms.gle\/kmwoSyMEPEMUaAt4A 12+ Detsk\u00fd turnus 02. 08. &#8211; 07. 08. [&hellip;]\" \/>\n<meta property=\"og:url\" content=\"https:\/\/www.carmel.sk\/biblicketabory\/index.php\/registracia\/\" \/>\n<meta property=\"og:site_name\" content=\"Biblick\u00e9 t\u00e1bory na Borde\" \/>\n<meta property=\"article:modified_time\" content=\"2026-04-14T23:24:19+00:00\" \/>\n<meta name=\"twitter:card\" content=\"summary_large_image\" \/>\n<meta name=\"twitter:label1\" content=\"Predpokladan\u00fd \u010das \u010d\u00edtania\" \/>\n\t<meta name=\"twitter:data1\" content=\"1 min\u00fata\" \/>\n<script type=\"application\/ld+json\" class=\"yoast-schema-graph\">{\"@context\":\"https:\\\/\\\/schema.org\",\"@graph\":[{\"@type\":\"WebPage\",\"@id\":\"https:\\\/\\\/www.carmel.sk\\\/biblicketabory\\\/index.php\\\/registracia\\\/\",\"url\":\"https:\\\/\\\/www.carmel.sk\\\/biblicketabory\\\/index.php\\\/registracia\\\/\",\"name\":\"Registr\u00e1cia na rok 2026 je spusten\u00e1! - Biblick\u00e9 t\u00e1bory na Borde\",\"isPartOf\":{\"@id\":\"https:\\\/\\\/www.carmel.sk\\\/biblicketabory\\\/#website\"},\"datePublished\":\"2022-04-28T11:29:18+00:00\",\"dateModified\":\"2026-04-14T23:24:19+00:00\",\"breadcrumb\":{\"@id\":\"https:\\\/\\\/www.carmel.sk\\\/biblicketabory\\\/index.php\\\/registracia\\\/#breadcrumb\"},\"inLanguage\":\"sk-SK\",\"potentialAction\":[{\"@type\":\"ReadAction\",\"target\":[\"https:\\\/\\\/www.carmel.sk\\\/biblicketabory\\\/index.php\\\/registracia\\\/\"]}]},{\"@type\":\"BreadcrumbList\",\"@id\":\"https:\\\/\\\/www.carmel.sk\\\/biblicketabory\\\/index.php\\\/registracia\\\/#breadcrumb\",\"itemListElement\":[{\"@type\":\"ListItem\",\"position\":1,\"name\":\"Home\",\"item\":\"https:\\\/\\\/www.carmel.sk\\\/biblicketabory\\\/\"},{\"@type\":\"ListItem\",\"position\":2,\"name\":\"Registr\u00e1cia na rok 2026 je spusten\u00e1!\"}]},{\"@type\":\"WebSite\",\"@id\":\"https:\\\/\\\/www.carmel.sk\\\/biblicketabory\\\/#website\",\"url\":\"https:\\\/\\\/www.carmel.sk\\\/biblicketabory\\\/\",\"name\":\"Biblick\u00e9 t\u00e1bory na Borde\",\"description\":\"\",\"potentialAction\":[{\"@type\":\"SearchAction\",\"target\":{\"@type\":\"EntryPoint\",\"urlTemplate\":\"https:\\\/\\\/www.carmel.sk\\\/biblicketabory\\\/?s={search_term_string}\"},\"query-input\":{\"@type\":\"PropertyValueSpecification\",\"valueRequired\":true,\"valueName\":\"search_term_string\"}}],\"inLanguage\":\"sk-SK\"}]}<\/script>\n<!-- \/ Yoast SEO plugin. -->","yoast_head_json":{"title":"Registr\u00e1cia na rok 2026 je spusten\u00e1! - Biblick\u00e9 t\u00e1bory na Borde","robots":{"index":"index","follow":"follow","max-snippet":"max-snippet:-1","max-image-preview":"max-image-preview:large","max-video-preview":"max-video-preview:-1"},"canonical":"https:\/\/www.carmel.sk\/biblicketabory\/index.php\/registracia\/","og_locale":"sk_SK","og_type":"article","og_title":"Registr\u00e1cia na rok 2026 je spusten\u00e1! - Biblick\u00e9 t\u00e1bory na Borde","og_description":"V pr\u00edpade z\u00e1ujmu o prihl\u00e1senie die\u0165a\u0165a na t\u00e1bor pros\u00edme vypl\u0148te registra\u010dn\u00fd formul\u00e1r. ! ! ! PRI REGISTR\u00c1CII UV\u00c1DZAJTE KONTAKTN\u00dd E-MAIL NA RODI\u010cA ALEBO ZODPOVEDN\u00da OSOBU ! ! ! TURNUS TERM\u00cdN CENA REGISTR\u00c1CIA VEKOV\u00c1 KATEG\u00d3RIA Biblick\u00fd t\u00e1bor 12+ 26. 07. &#8211; 01. 08. 2026 140* \u20ac\/150* \u20ac https:\/\/forms.gle\/kmwoSyMEPEMUaAt4A 12+ Detsk\u00fd turnus 02. 08. &#8211; 07. 08. [&hellip;]","og_url":"https:\/\/www.carmel.sk\/biblicketabory\/index.php\/registracia\/","og_site_name":"Biblick\u00e9 t\u00e1bory na Borde","article_modified_time":"2026-04-14T23:24:19+00:00","twitter_card":"summary_large_image","twitter_misc":{"Predpokladan\u00fd \u010das \u010d\u00edtania":"1 min\u00fata"},"schema":{"@context":"https:\/\/schema.org","@graph":[{"@type":"WebPage","@id":"https:\/\/www.carmel.sk\/biblicketabory\/index.php\/registracia\/","url":"https:\/\/www.carmel.sk\/biblicketabory\/index.php\/registracia\/","name":"Registr\u00e1cia na rok 2026 je spusten\u00e1! - Biblick\u00e9 t\u00e1bory na Borde","isPartOf":{"@id":"https:\/\/www.carmel.sk\/biblicketabory\/#website"},"datePublished":"2022-04-28T11:29:18+00:00","dateModified":"2026-04-14T23:24:19+00:00","breadcrumb":{"@id":"https:\/\/www.carmel.sk\/biblicketabory\/index.php\/registracia\/#breadcrumb"},"inLanguage":"sk-SK","potentialAction":[{"@type":"ReadAction","target":["https:\/\/www.carmel.sk\/biblicketabory\/index.php\/registracia\/"]}]},{"@type":"BreadcrumbList","@id":"https:\/\/www.carmel.sk\/biblicketabory\/index.php\/registracia\/#breadcrumb","itemListElement":[{"@type":"ListItem","position":1,"name":"Home","item":"https:\/\/www.carmel.sk\/biblicketabory\/"},{"@type":"ListItem","position":2,"name":"Registr\u00e1cia na rok 2026 je spusten\u00e1!"}]},{"@type":"WebSite","@id":"https:\/\/www.carmel.sk\/biblicketabory\/#website","url":"https:\/\/www.carmel.sk\/biblicketabory\/","name":"Biblick\u00e9 t\u00e1bory na Borde","description":"","potentialAction":[{"@type":"SearchAction","target":{"@type":"EntryPoint","urlTemplate":"https:\/\/www.carmel.sk\/biblicketabory\/?s={search_term_string}"},"query-input":{"@type":"PropertyValueSpecification","valueRequired":true,"valueName":"search_term_string"}}],"inLanguage":"sk-SK"}]}},"_links":{"self":[{"href":"https:\/\/www.carmel.sk\/biblicketabory\/index.php\/wp-json\/wp\/v2\/pages\/46","targetHints":{"allow":["GET"]}}],"collection":[{"href":"https:\/\/www.carmel.sk\/biblicketabory\/index.php\/wp-json\/wp\/v2\/pages"}],"about":[{"href":"https:\/\/www.carmel.sk\/biblicketabory\/index.php\/wp-json\/wp\/v2\/types\/page"}],"author":[{"embeddable":true,"href":"https:\/\/www.carmel.sk\/biblicketabory\/index.php\/wp-json\/wp\/v2\/users\/1"}],"replies":[{"embeddable":true,"href":"https:\/\/www.carmel.sk\/biblicketabory\/index.php\/wp-json\/wp\/v2\/comments?post=46"}],"version-history":[{"count":5,"href":"https:\/\/www.carmel.sk\/biblicketabory\/index.php\/wp-json\/wp\/v2\/pages\/46\/revisions"}],"predecessor-version":[{"id":479,"href":"https:\/\/www.carmel.sk\/biblicketabory\/index.php\/wp-json\/wp\/v2\/pages\/46\/revisions\/479"}],"wp:attachment":[{"href":"https:\/\/www.carmel.sk\/biblicketabory\/index.php\/wp-json\/wp\/v2\/media?parent=46"}],"curies":[{"name":"wp","href":"https:\/\/api.w.org\/{rel}","templated":true}]}}