{"version":"1.0","provider_name":"Biblick\u00e9 t\u00e1bory na Borde","provider_url":"https:\/\/www.carmel.sk\/biblicketabory","title":"2. t\u00e1borov\u00fd t\u00edm pre t\u00e1bory 2025 - Biblick\u00e9 t\u00e1bory na Borde","type":"rich","width":600,"height":338,"html":"<blockquote class=\"wp-embedded-content\" data-secret=\"M6BqGXUAko\"><a href=\"https:\/\/www.carmel.sk\/biblicketabory\/index.php\/2025\/03\/05\/2-taborovy-tim-pre-tabory-2025\/\">2. t\u00e1borov\u00fd t\u00edm pre t\u00e1bory 2025<\/a><\/blockquote><iframe sandbox=\"allow-scripts\" security=\"restricted\" src=\"https:\/\/www.carmel.sk\/biblicketabory\/index.php\/2025\/03\/05\/2-taborovy-tim-pre-tabory-2025\/embed\/#?secret=M6BqGXUAko\" width=\"600\" height=\"338\" title=\"&#8220;2. t\u00e1borov\u00fd t\u00edm pre t\u00e1bory 2025&#8221; &#8212; Biblick\u00e9 t\u00e1bory na Borde\" data-secret=\"M6BqGXUAko\" frameborder=\"0\" marginwidth=\"0\" marginheight=\"0\" scrolling=\"no\" class=\"wp-embedded-content\"><\/iframe><script type=\"text\/javascript\">\n\/* <![CDATA[ *\/\n\/*! This file is auto-generated *\/\n!function(d,l){\"use strict\";l.querySelector&&d.addEventListener&&\"undefined\"!=typeof URL&&(d.wp=d.wp||{},d.wp.receiveEmbedMessage||(d.wp.receiveEmbedMessage=function(e){var t=e.data;if((t||t.secret||t.message||t.value)&&!\/[^a-zA-Z0-9]\/.test(t.secret)){for(var s,r,n,a=l.querySelectorAll('iframe[data-secret=\"'+t.secret+'\"]'),o=l.querySelectorAll('blockquote[data-secret=\"'+t.secret+'\"]'),c=new RegExp(\"^https?:$\",\"i\"),i=0;i<o.length;i++)o[i].style.display=\"none\";for(i=0;i<a.length;i++)s=a[i],e.source===s.contentWindow&&(s.removeAttribute(\"style\"),\"height\"===t.message?(1e3<(r=parseInt(t.value,10))?r=1e3:~~r<200&&(r=200),s.height=r):\"link\"===t.message&&(r=new URL(s.getAttribute(\"src\")),n=new URL(t.value),c.test(n.protocol))&&n.host===r.host&&l.activeElement===s&&(d.top.location.href=t.value))}},d.addEventListener(\"message\",d.wp.receiveEmbedMessage,!1),l.addEventListener(\"DOMContentLoaded\",function(){for(var e,t,s=l.querySelectorAll(\"iframe.wp-embedded-content\"),r=0;r<s.length;r++)(t=(e=s[r]).getAttribute(\"data-secret\"))||(t=Math.random().toString(36).substring(2,12),e.src+=\"#?secret=\"+t,e.setAttribute(\"data-secret\",t)),e.contentWindow.postMessage({message:\"ready\",secret:t},\"*\")},!1)))}(window,document);\n\/\/# sourceURL=https:\/\/www.carmel.sk\/biblicketabory\/wp-includes\/js\/wp-embed.min.js\n\/* ]]> *\/\n<\/script>\n","thumbnail_url":"https:\/\/www.carmel.sk\/biblicketabory\/wp-content\/uploads\/2023\/03\/Tabor-1-1.jpg","thumbnail_width":822,"thumbnail_height":1096,"description":"Pr\u00edpravy na t\u00e1bor s\u00fa v&nbsp;plnom pr\u00fade! Je prv\u00fd de\u0148 marca a&nbsp;my nezah\u00e1\u013eame! Po nieko\u013ek\u00fdch mesiacoch sme sa op\u00e4\u0165 stretli ako t\u00e1borov\u00fd t\u00edm a&nbsp;pokro\u010dili v&nbsp;pr\u00edprav\u00e1ch. \u010cas sa n\u00e1m kr\u00e1ti, leto u\u017e je doslova za rohom. U\u017e od r\u00e1na panovala skvel\u00e1 atmosf\u00e9ra \u2013 pln\u00e1 nad\u0161enia, n\u00e1padov a&nbsp;t\u00edmovej spolupr\u00e1ce. Pod veden\u00edm Mateja Nagyho a&nbsp;Marianny Sl\u00e1vikovej sme sa spolo\u010dne [&hellip;]"}